{"id":1736,"date":"2025-11-18T16:15:12","date_gmt":"2025-11-18T15:15:12","guid":{"rendered":"https:\/\/laurorecreative.fr\/?post_type=product&#038;p=1736"},"modified":"2025-12-04T15:43:06","modified_gmt":"2025-12-04T14:43:06","slug":"affiche-cote-d-azur","status":"publish","type":"product","link":"https:\/\/laurorecreative.fr\/index.php\/product\/affiche-cote-d-azur\/","title":{"rendered":"Celui qui est sur la French Riviera"},"content":{"rendered":"<div class=\"flex-shrink-0 flex flex-col relative items-end\">\n<div class=\"pt-0\">\n<div class=\"gizmo-bot-avatar flex h-8 w-8 items-center justify-center overflow-hidden rounded-full\">\n<div class=\"relative p-1 rounded-sm flex items-center justify-center bg-token-main-surface-primary text-token-text-primary h-8 w-8\">\n<p data-start=\"177\" data-end=\"450\">Voici une affiche qui capture toute la magie et la lumi\u00e8re de la <strong data-start=\"565\" data-end=\"580\">C\u00f4te d\u2019Azur<\/strong> ! Cette illustration originale est n\u00e9e de mon <strong data-start=\"261\" data-end=\"286\">jeu cr\u00e9atif signature<\/strong> : \u00e0 partir d\u2019une vingtaine de mots, je compose une image foisonnante qui raconte une histoire, capture un moment ou transmet une \u00e9motion. Chaque cr\u00e9ation se lit comme un tout, mais aussi d\u00e9tail par d\u00e9tail, offrant plusieurs niveaux de lecture.<\/p>\n<p data-start=\"534\" data-end=\"967\">Dans cette affiche d\u00e9di\u00e9e \u00e0 la <strong data-start=\"565\" data-end=\"580\">C\u00f4te d\u2019Azur<\/strong>, les formes, personnages et objets se croisent, s\u2019entrelacent et dialoguent autour d\u2019un m\u00eame th\u00e8me : la douceur m\u00e9diterran\u00e9enne. Une sc\u00e8ne ludique, riche en d\u00e9tails, o\u00f9 l\u2019\u0153il peut s\u2019amuser \u00e0 chercher, d\u00e9couvrir et red\u00e9couvrir d\u2019infinies subtilit\u00e9s.<\/p>\n<p data-start=\"1147\" data-end=\"1389\">Accrochez cette affiche dans votre salon, votre bureau ou votre boutique, et laissez-la <strong data-start=\"1235\" data-end=\"1292\">apporter la lumi\u00e8re et la po\u00e9sie de la French Riviera<\/strong> \u00e0 votre d\u00e9coration. Une invitation au voyage, \u00e0 la r\u00eaverie et aux couleurs de la M\u00e9diterran\u00e9e.<\/p>\n<\/div>\n<\/div>\n<\/div>\n<\/div>\n<p><em>R\u00e9alisation : <a href=\"https:\/\/www.instagram.com\/visuelle.laure?utm_source=ig_web_button_share_sheet&amp;igsh=ZDNlZDc0MzIxNw==\">Laure Abonnel<\/a><\/em><\/p>\n<p><strong>Vous \u00eates une entreprise, une collectivit\u00e9 ou une association ? <a href=\"https:\/\/laurorecreative.fr\/index.php\/agence-communication-clermont-moulins\/\">Contactez L&rsquo;Aurore Cr\u00e9ative<\/a> pour concevoir votre affiche personnalis\u00e9e, id\u00e9ale pour valoriser vos projets, vos \u00e9v\u00e9nements ou simplement apporter une touche unique \u00e0 votre d\u00e9coration !<\/strong><\/p>\n<p><strong>\u00a0<\/strong><\/p>\n","protected":false},"excerpt":{"rendered":"<ul>\n<li><strong>Format<\/strong> : A3 (29,7 x 42 cm)<\/li>\n<li><strong>Papier<\/strong> : Qualit\u00e9 premium avec une finition mate<\/li>\n<li><strong>Parfait pour<\/strong> : Donner une petite vibe locale et apporter la lumi\u00e8re et la po\u00e9sie de la French Riviera \u00e0 votre d\u00e9coration.<\/li>\n<\/ul>\n","protected":false},"featured_media":1737,"template":"","meta":[],"product_brand":[],"product_cat":[146],"product_tag":[23,24,26,25],"class_list":{"0":"post-1736","1":"product","2":"type-product","3":"status-publish","4":"has-post-thumbnail","6":"product_cat-affiches","7":"product_tag-affiche","8":"product_tag-affiche-moulins","9":"product_tag-affiche-ville-de-moulins","10":"product_tag-ville-de-moulins","12":"first","13":"instock","14":"taxable","15":"shipping-taxable","16":"purchasable","17":"product-type-simple"},"yoast_head":"<!-- This site is optimized with the Yoast SEO plugin v26.8 - https:\/\/yoast.com\/product\/yoast-seo-wordpress\/ -->\n<title>Affiche C\u00f4te d\u2019Azur \u2013 Illustration originale French Riviera<\/title>\n<meta name=\"description\" content=\"D\u00e9couvrez cette affiche C\u00f4te d\u2019Azur : une illustration originale inspir\u00e9e de la French Riviera, id\u00e9ale pour mettre du soleil dans votre int\u00e9rieur.\" \/>\n<meta name=\"robots\" content=\"index, follow, max-snippet:-1, max-image-preview:large, max-video-preview:-1\" \/>\n<link rel=\"canonical\" href=\"https:\/\/laurorecreative.fr\/index.php\/product\/affiche-cote-d-azur\/\" \/>\n<meta property=\"og:locale\" content=\"fr_FR\" \/>\n<meta property=\"og:type\" content=\"article\" \/>\n<meta property=\"og:title\" content=\"Affiche C\u00f4te d\u2019Azur \u2013 Illustration originale French Riviera\" \/>\n<meta property=\"og:description\" content=\"D\u00e9couvrez cette affiche C\u00f4te d\u2019Azur : une illustration originale inspir\u00e9e de la French Riviera, id\u00e9ale pour mettre du soleil dans votre int\u00e9rieur.\" \/>\n<meta property=\"og:url\" content=\"https:\/\/laurorecreative.fr\/index.php\/product\/affiche-cote-d-azur\/\" \/>\n<meta property=\"og:site_name\" content=\"laurorecreative.fr\" \/>\n<meta property=\"article:modified_time\" content=\"2025-12-04T14:43:06+00:00\" \/>\n<meta property=\"og:image\" content=\"http:\/\/laurorecreative.fr\/wp-content\/uploads\/2025\/11\/Affiche-cote-dAzur-Laure-Abonnel.jpg\" \/>\n\t<meta property=\"og:image:width\" content=\"1000\" \/>\n\t<meta property=\"og:image:height\" content=\"1000\" \/>\n\t<meta property=\"og:image:type\" content=\"image\/jpeg\" \/>\n<meta name=\"twitter:card\" content=\"summary_large_image\" \/>\n<meta name=\"twitter:label1\" content=\"Dur\u00e9e de lecture estim\u00e9e\" \/>\n\t<meta name=\"twitter:data1\" content=\"2 minutes\" \/>\n<script type=\"application\/ld+json\" class=\"yoast-schema-graph\">{\"@context\":\"https:\/\/schema.org\",\"@graph\":[{\"@type\":\"WebPage\",\"@id\":\"https:\/\/laurorecreative.fr\/index.php\/product\/affiche-cote-d-azur\/\",\"url\":\"https:\/\/laurorecreative.fr\/index.php\/product\/affiche-cote-d-azur\/\",\"name\":\"Affiche C\u00f4te d\u2019Azur \u2013 Illustration originale French Riviera\",\"isPartOf\":{\"@id\":\"https:\/\/laurorecreative.fr\/#website\"},\"primaryImageOfPage\":{\"@id\":\"https:\/\/laurorecreative.fr\/index.php\/product\/affiche-cote-d-azur\/#primaryimage\"},\"image\":{\"@id\":\"https:\/\/laurorecreative.fr\/index.php\/product\/affiche-cote-d-azur\/#primaryimage\"},\"thumbnailUrl\":\"https:\/\/laurorecreative.fr\/wp-content\/uploads\/2025\/11\/Affiche-cote-dAzur-Laure-Abonnel.jpg\",\"datePublished\":\"2025-11-18T15:15:12+00:00\",\"dateModified\":\"2025-12-04T14:43:06+00:00\",\"description\":\"D\u00e9couvrez cette affiche C\u00f4te d\u2019Azur : une illustration originale inspir\u00e9e de la French Riviera, id\u00e9ale pour mettre du soleil dans votre int\u00e9rieur.\",\"breadcrumb\":{\"@id\":\"https:\/\/laurorecreative.fr\/index.php\/product\/affiche-cote-d-azur\/#breadcrumb\"},\"inLanguage\":\"fr-FR\",\"potentialAction\":[{\"@type\":\"ReadAction\",\"target\":[\"https:\/\/laurorecreative.fr\/index.php\/product\/affiche-cote-d-azur\/\"]}]},{\"@type\":\"ImageObject\",\"inLanguage\":\"fr-FR\",\"@id\":\"https:\/\/laurorecreative.fr\/index.php\/product\/affiche-cote-d-azur\/#primaryimage\",\"url\":\"https:\/\/laurorecreative.fr\/wp-content\/uploads\/2025\/11\/Affiche-cote-dAzur-Laure-Abonnel.jpg\",\"contentUrl\":\"https:\/\/laurorecreative.fr\/wp-content\/uploads\/2025\/11\/Affiche-cote-dAzur-Laure-Abonnel.jpg\",\"width\":1000,\"height\":1000,\"caption\":\"Affiche - co\u0302te d'Azur - Laure Abonnel\"},{\"@type\":\"BreadcrumbList\",\"@id\":\"https:\/\/laurorecreative.fr\/index.php\/product\/affiche-cote-d-azur\/#breadcrumb\",\"itemListElement\":[{\"@type\":\"ListItem\",\"position\":1,\"name\":\"Accueil\",\"item\":\"https:\/\/laurorecreative.fr\/\"},{\"@type\":\"ListItem\",\"position\":2,\"name\":\"Affiches &amp; illustration\",\"item\":\"https:\/\/laurorecreative.fr\/index.php\/affiches-illustration\/\"},{\"@type\":\"ListItem\",\"position\":3,\"name\":\"Celui qui est sur la French Riviera\"}]},{\"@type\":\"WebSite\",\"@id\":\"https:\/\/laurorecreative.fr\/#website\",\"url\":\"https:\/\/laurorecreative.fr\/\",\"name\":\"laurorecreative.fr\",\"description\":\"\",\"publisher\":{\"@id\":\"https:\/\/laurorecreative.fr\/#organization\"},\"potentialAction\":[{\"@type\":\"SearchAction\",\"target\":{\"@type\":\"EntryPoint\",\"urlTemplate\":\"https:\/\/laurorecreative.fr\/?s={search_term_string}\"},\"query-input\":{\"@type\":\"PropertyValueSpecification\",\"valueRequired\":true,\"valueName\":\"search_term_string\"}}],\"inLanguage\":\"fr-FR\"},{\"@type\":\"Organization\",\"@id\":\"https:\/\/laurorecreative.fr\/#organization\",\"name\":\"laurorecreative.fr\",\"url\":\"https:\/\/laurorecreative.fr\/\",\"logo\":{\"@type\":\"ImageObject\",\"inLanguage\":\"fr-FR\",\"@id\":\"https:\/\/laurorecreative.fr\/#\/schema\/logo\/image\/\",\"url\":\"https:\/\/laurorecreative.fr\/wp-content\/uploads\/2024\/06\/Aurore-Creative_Logo-copie.png\",\"contentUrl\":\"https:\/\/laurorecreative.fr\/wp-content\/uploads\/2024\/06\/Aurore-Creative_Logo-copie.png\",\"width\":300,\"height\":92,\"caption\":\"laurorecreative.fr\"},\"image\":{\"@id\":\"https:\/\/laurorecreative.fr\/#\/schema\/logo\/image\/\"}}]}<\/script>\n<!-- \/ Yoast SEO plugin. -->","yoast_head_json":{"title":"Affiche C\u00f4te d\u2019Azur \u2013 Illustration originale French Riviera","description":"D\u00e9couvrez cette affiche C\u00f4te d\u2019Azur : une illustration originale inspir\u00e9e de la French Riviera, id\u00e9ale pour mettre du soleil dans votre int\u00e9rieur.","robots":{"index":"index","follow":"follow","max-snippet":"max-snippet:-1","max-image-preview":"max-image-preview:large","max-video-preview":"max-video-preview:-1"},"canonical":"https:\/\/laurorecreative.fr\/index.php\/product\/affiche-cote-d-azur\/","og_locale":"fr_FR","og_type":"article","og_title":"Affiche C\u00f4te d\u2019Azur \u2013 Illustration originale French Riviera","og_description":"D\u00e9couvrez cette affiche C\u00f4te d\u2019Azur : une illustration originale inspir\u00e9e de la French Riviera, id\u00e9ale pour mettre du soleil dans votre int\u00e9rieur.","og_url":"https:\/\/laurorecreative.fr\/index.php\/product\/affiche-cote-d-azur\/","og_site_name":"laurorecreative.fr","article_modified_time":"2025-12-04T14:43:06+00:00","og_image":[{"width":1000,"height":1000,"url":"http:\/\/laurorecreative.fr\/wp-content\/uploads\/2025\/11\/Affiche-cote-dAzur-Laure-Abonnel.jpg","type":"image\/jpeg"}],"twitter_card":"summary_large_image","twitter_misc":{"Dur\u00e9e de lecture estim\u00e9e":"2 minutes"},"schema":{"@context":"https:\/\/schema.org","@graph":[{"@type":"WebPage","@id":"https:\/\/laurorecreative.fr\/index.php\/product\/affiche-cote-d-azur\/","url":"https:\/\/laurorecreative.fr\/index.php\/product\/affiche-cote-d-azur\/","name":"Affiche C\u00f4te d\u2019Azur \u2013 Illustration originale French Riviera","isPartOf":{"@id":"https:\/\/laurorecreative.fr\/#website"},"primaryImageOfPage":{"@id":"https:\/\/laurorecreative.fr\/index.php\/product\/affiche-cote-d-azur\/#primaryimage"},"image":{"@id":"https:\/\/laurorecreative.fr\/index.php\/product\/affiche-cote-d-azur\/#primaryimage"},"thumbnailUrl":"https:\/\/laurorecreative.fr\/wp-content\/uploads\/2025\/11\/Affiche-cote-dAzur-Laure-Abonnel.jpg","datePublished":"2025-11-18T15:15:12+00:00","dateModified":"2025-12-04T14:43:06+00:00","description":"D\u00e9couvrez cette affiche C\u00f4te d\u2019Azur : une illustration originale inspir\u00e9e de la French Riviera, id\u00e9ale pour mettre du soleil dans votre int\u00e9rieur.","breadcrumb":{"@id":"https:\/\/laurorecreative.fr\/index.php\/product\/affiche-cote-d-azur\/#breadcrumb"},"inLanguage":"fr-FR","potentialAction":[{"@type":"ReadAction","target":["https:\/\/laurorecreative.fr\/index.php\/product\/affiche-cote-d-azur\/"]}]},{"@type":"ImageObject","inLanguage":"fr-FR","@id":"https:\/\/laurorecreative.fr\/index.php\/product\/affiche-cote-d-azur\/#primaryimage","url":"https:\/\/laurorecreative.fr\/wp-content\/uploads\/2025\/11\/Affiche-cote-dAzur-Laure-Abonnel.jpg","contentUrl":"https:\/\/laurorecreative.fr\/wp-content\/uploads\/2025\/11\/Affiche-cote-dAzur-Laure-Abonnel.jpg","width":1000,"height":1000,"caption":"Affiche - co\u0302te d'Azur - Laure Abonnel"},{"@type":"BreadcrumbList","@id":"https:\/\/laurorecreative.fr\/index.php\/product\/affiche-cote-d-azur\/#breadcrumb","itemListElement":[{"@type":"ListItem","position":1,"name":"Accueil","item":"https:\/\/laurorecreative.fr\/"},{"@type":"ListItem","position":2,"name":"Affiches &amp; illustration","item":"https:\/\/laurorecreative.fr\/index.php\/affiches-illustration\/"},{"@type":"ListItem","position":3,"name":"Celui qui est sur la French Riviera"}]},{"@type":"WebSite","@id":"https:\/\/laurorecreative.fr\/#website","url":"https:\/\/laurorecreative.fr\/","name":"laurorecreative.fr","description":"","publisher":{"@id":"https:\/\/laurorecreative.fr\/#organization"},"potentialAction":[{"@type":"SearchAction","target":{"@type":"EntryPoint","urlTemplate":"https:\/\/laurorecreative.fr\/?s={search_term_string}"},"query-input":{"@type":"PropertyValueSpecification","valueRequired":true,"valueName":"search_term_string"}}],"inLanguage":"fr-FR"},{"@type":"Organization","@id":"https:\/\/laurorecreative.fr\/#organization","name":"laurorecreative.fr","url":"https:\/\/laurorecreative.fr\/","logo":{"@type":"ImageObject","inLanguage":"fr-FR","@id":"https:\/\/laurorecreative.fr\/#\/schema\/logo\/image\/","url":"https:\/\/laurorecreative.fr\/wp-content\/uploads\/2024\/06\/Aurore-Creative_Logo-copie.png","contentUrl":"https:\/\/laurorecreative.fr\/wp-content\/uploads\/2024\/06\/Aurore-Creative_Logo-copie.png","width":300,"height":92,"caption":"laurorecreative.fr"},"image":{"@id":"https:\/\/laurorecreative.fr\/#\/schema\/logo\/image\/"}}]}},"_links":{"self":[{"href":"https:\/\/laurorecreative.fr\/index.php\/wp-json\/wp\/v2\/product\/1736","targetHints":{"allow":["GET"]}}],"collection":[{"href":"https:\/\/laurorecreative.fr\/index.php\/wp-json\/wp\/v2\/product"}],"about":[{"href":"https:\/\/laurorecreative.fr\/index.php\/wp-json\/wp\/v2\/types\/product"}],"version-history":[{"count":1,"href":"https:\/\/laurorecreative.fr\/index.php\/wp-json\/wp\/v2\/product\/1736\/revisions"}],"predecessor-version":[{"id":1738,"href":"https:\/\/laurorecreative.fr\/index.php\/wp-json\/wp\/v2\/product\/1736\/revisions\/1738"}],"wp:featuredmedia":[{"embeddable":true,"href":"https:\/\/laurorecreative.fr\/index.php\/wp-json\/wp\/v2\/media\/1737"}],"wp:attachment":[{"href":"https:\/\/laurorecreative.fr\/index.php\/wp-json\/wp\/v2\/media?parent=1736"}],"wp:term":[{"taxonomy":"product_brand","embeddable":true,"href":"https:\/\/laurorecreative.fr\/index.php\/wp-json\/wp\/v2\/product_brand?post=1736"},{"taxonomy":"product_cat","embeddable":true,"href":"https:\/\/laurorecreative.fr\/index.php\/wp-json\/wp\/v2\/product_cat?post=1736"},{"taxonomy":"product_tag","embeddable":true,"href":"https:\/\/laurorecreative.fr\/index.php\/wp-json\/wp\/v2\/product_tag?post=1736"}],"curies":[{"name":"wp","href":"https:\/\/api.w.org\/{rel}","templated":true}]}}