{"id":1244,"date":"2024-12-10T11:12:21","date_gmt":"2024-12-10T10:12:21","guid":{"rendered":"https:\/\/laurorecreative.fr\/?post_type=product&#038;p=1244"},"modified":"2025-12-04T15:43:06","modified_gmt":"2025-12-04T14:43:06","slug":"affiche-moulins-noel","status":"publish","type":"product","link":"https:\/\/laurorecreative.fr\/index.php\/product\/affiche-moulins-noel\/","title":{"rendered":"Celui qui fait No\u00ebl \u00e0 MOULINS"},"content":{"rendered":"<div class=\"flex-shrink-0 flex flex-col relative items-end\">\n<div>\n<div class=\"pt-0\">\n<div class=\"gizmo-bot-avatar flex h-8 w-8 items-center justify-center overflow-hidden rounded-full\">\n<div class=\"relative p-1 rounded-sm flex items-center justify-center bg-token-main-surface-primary text-token-text-primary h-8 w-8\">Voici une affiche qui capture toute la magie de <strong>Moulins<\/strong> pendant la p\u00e9riode de No\u00ebl ! Cr\u00e9\u00e9e sp\u00e9cialement pour l&rsquo;\u00e9dition de No\u00ebl du magazine <a href=\"https:\/\/www.instagram.com\/moulins.autrement\/\"><strong>Moulins Autrement<\/strong><\/a>, elle c\u00e9l\u00e8bre l&rsquo;atmosph\u00e8re festive du <strong>march\u00e9 de No\u00ebl<\/strong> et l&rsquo;esprit chaleureux qui envahit la ville en cette saison.<\/div>\n<\/div>\n<\/div>\n<\/div>\n<\/div>\n<div class=\"group\/conversation-turn relative flex w-full min-w-0 flex-col agent-turn\">\n<div class=\"flex-col gap-1 md:gap-3\">\n<div class=\"flex max-w-full flex-col flex-grow\">\n<div class=\"min-h-8 text-message flex w-full flex-col items-end gap-2 whitespace-normal break-words text-start [.text-message+&amp;]:mt-5\" dir=\"auto\" data-message-author-role=\"assistant\" data-message-id=\"1b1c1abe-4739-4d97-a356-fe0c3783a199\" data-message-model-slug=\"gpt-4o-mini\">\n<div class=\"flex w-full flex-col gap-1 empty:hidden first:pt-[3px]\">\n<div class=\"markdown prose w-full break-words dark:prose-invert light\">\n<p>Avec son design joyeux et color\u00e9, cette affiche met en sc\u00e8ne les lumi\u00e8res scintillantes et l\u2019animation qui rendent le march\u00e9 de No\u00ebl de <strong>Moulins<\/strong> si unique. Un grand sapin orn\u00e9, des stands d\u00e9cor\u00e9s, et une ambiance f\u00e9\u00e9rique, le tout baign\u00e9 dans une lumi\u00e8re douce qui invite \u00e0 la f\u00eate et \u00e0 la convivialit\u00e9. Elle \u00e9voque l\u2019esprit de No\u00ebl tout en gardant une touche moderne et fra\u00eeche, parfaite pour apporter un peu de magie dans votre int\u00e9rieur.<\/p>\n<p>Imagin\u00e9e par des passionn\u00e9s de Moulins, cette cr\u00e9ation est un v\u00e9ritable hommage \u00e0 la ville pendant les f\u00eates de fin d\u2019ann\u00e9e. Elle incarne l\u2019esprit de No\u00ebl \u00e0 <strong>Moulins<\/strong>, o\u00f9 commer\u00e7ants, habitants et visiteurs se retrouvent dans une ambiance festive et chaleureuse.<\/p>\n<p>Accrochez cette affiche dans votre salon, votre bureau ou votre boutique, et laissez-la ajouter une touche de No\u00ebl et de <strong>Moulins<\/strong> \u00e0 votre d\u00e9co. Une invitation \u00e0 revivre les moments joyeux du march\u00e9 de No\u00ebl \u00e0 chaque regard !<\/p>\n<\/div>\n<\/div>\n<\/div>\n<\/div>\n<\/div>\n<\/div>\n<p><em>R\u00e9alisation : <a href=\"https:\/\/www.instagram.com\/visuelle.laure?utm_source=ig_web_button_share_sheet&amp;igsh=ZDNlZDc0MzIxNw==\">Laure Abonnel<\/a><\/em><\/p>\n<p><strong>Vous \u00eates une entreprise, une collectivit\u00e9 ou une association ? <a href=\"https:\/\/laurorecreative.fr\/index.php\/agence-communication-clermont-moulins\/\">Contactez L&rsquo;Aurore Cr\u00e9ative<\/a> pour concevoir votre affiche personnalis\u00e9e, id\u00e9ale pour valoriser vos projets, vos \u00e9v\u00e9nements ou simplement apporter une touche unique \u00e0 votre d\u00e9coration !<\/strong><\/p>\n","protected":false},"excerpt":{"rendered":"<ul>\n<li><strong>Format<\/strong> : A3 (29,7 x 42 cm)<\/li>\n<li><strong>Papier<\/strong> : Qualit\u00e9 premium avec une finition mate<\/li>\n<li><strong>Parfait pour<\/strong> : Donner une petite vibe locale et joyeuse \u00e0 votre d\u00e9co ou faire un cadeau original \u00e0 quelqu\u2019un qui adore Moulins<\/li>\n<\/ul>\n","protected":false},"featured_media":1245,"template":"","meta":[],"product_brand":[],"product_cat":[22],"product_tag":[23,24,26,25],"class_list":{"0":"post-1244","1":"product","2":"type-product","3":"status-publish","4":"has-post-thumbnail","6":"product_cat-moulins-autrement","7":"product_tag-affiche","8":"product_tag-affiche-moulins","9":"product_tag-affiche-ville-de-moulins","10":"product_tag-ville-de-moulins","12":"first","13":"instock","14":"taxable","15":"shipping-taxable","16":"purchasable","17":"product-type-simple"},"yoast_head":"<!-- This site is optimized with the Yoast SEO plugin v26.8 - https:\/\/yoast.com\/product\/yoast-seo-wordpress\/ -->\n<title>Affiche MOULINS No\u00ebl - laurorecreative.fr<\/title>\n<meta name=\"description\" content=\"D\u00e9couvrez notre affiche Moulins No\u00ebl aux couleurs festives, parfaite pour ajouter une touche magique locale \u00e0 votre d\u00e9co pendant les f\u00eates.\" \/>\n<meta name=\"robots\" content=\"index, follow, max-snippet:-1, max-image-preview:large, max-video-preview:-1\" \/>\n<link rel=\"canonical\" href=\"https:\/\/laurorecreative.fr\/index.php\/product\/affiche-moulins-noel\/\" \/>\n<meta property=\"og:locale\" content=\"fr_FR\" \/>\n<meta property=\"og:type\" content=\"article\" \/>\n<meta property=\"og:title\" content=\"Affiche MOULINS No\u00ebl - laurorecreative.fr\" \/>\n<meta property=\"og:description\" content=\"D\u00e9couvrez notre affiche Moulins No\u00ebl aux couleurs festives, parfaite pour ajouter une touche magique locale \u00e0 votre d\u00e9co pendant les f\u00eates.\" \/>\n<meta property=\"og:url\" content=\"https:\/\/laurorecreative.fr\/index.php\/product\/affiche-moulins-noel\/\" \/>\n<meta property=\"og:site_name\" content=\"laurorecreative.fr\" \/>\n<meta property=\"article:modified_time\" content=\"2025-12-04T14:43:06+00:00\" \/>\n<meta property=\"og:image\" content=\"http:\/\/laurorecreative.fr\/wp-content\/uploads\/2024\/12\/Affiche-Moulins-Autrement_Noel-scaled.jpg\" \/>\n\t<meta property=\"og:image:width\" content=\"2560\" \/>\n\t<meta property=\"og:image:height\" content=\"1920\" \/>\n\t<meta property=\"og:image:type\" content=\"image\/jpeg\" \/>\n<meta name=\"twitter:card\" content=\"summary_large_image\" \/>\n<meta name=\"twitter:label1\" content=\"Dur\u00e9e de lecture estim\u00e9e\" \/>\n\t<meta name=\"twitter:data1\" content=\"2 minutes\" \/>\n<script type=\"application\/ld+json\" class=\"yoast-schema-graph\">{\"@context\":\"https:\/\/schema.org\",\"@graph\":[{\"@type\":\"WebPage\",\"@id\":\"https:\/\/laurorecreative.fr\/index.php\/product\/affiche-moulins-noel\/\",\"url\":\"https:\/\/laurorecreative.fr\/index.php\/product\/affiche-moulins-noel\/\",\"name\":\"Affiche MOULINS No\u00ebl - laurorecreative.fr\",\"isPartOf\":{\"@id\":\"https:\/\/laurorecreative.fr\/#website\"},\"primaryImageOfPage\":{\"@id\":\"https:\/\/laurorecreative.fr\/index.php\/product\/affiche-moulins-noel\/#primaryimage\"},\"image\":{\"@id\":\"https:\/\/laurorecreative.fr\/index.php\/product\/affiche-moulins-noel\/#primaryimage\"},\"thumbnailUrl\":\"https:\/\/laurorecreative.fr\/wp-content\/uploads\/2024\/12\/Affiche-Moulins-Autrement_Noel-scaled.jpg\",\"datePublished\":\"2024-12-10T10:12:21+00:00\",\"dateModified\":\"2025-12-04T14:43:06+00:00\",\"description\":\"D\u00e9couvrez notre affiche Moulins No\u00ebl aux couleurs festives, parfaite pour ajouter une touche magique locale \u00e0 votre d\u00e9co pendant les f\u00eates.\",\"breadcrumb\":{\"@id\":\"https:\/\/laurorecreative.fr\/index.php\/product\/affiche-moulins-noel\/#breadcrumb\"},\"inLanguage\":\"fr-FR\",\"potentialAction\":[{\"@type\":\"ReadAction\",\"target\":[\"https:\/\/laurorecreative.fr\/index.php\/product\/affiche-moulins-noel\/\"]}]},{\"@type\":\"ImageObject\",\"inLanguage\":\"fr-FR\",\"@id\":\"https:\/\/laurorecreative.fr\/index.php\/product\/affiche-moulins-noel\/#primaryimage\",\"url\":\"https:\/\/laurorecreative.fr\/wp-content\/uploads\/2024\/12\/Affiche-Moulins-Autrement_Noel-scaled.jpg\",\"contentUrl\":\"https:\/\/laurorecreative.fr\/wp-content\/uploads\/2024\/12\/Affiche-Moulins-Autrement_Noel-scaled.jpg\",\"width\":2560,\"height\":1920},{\"@type\":\"BreadcrumbList\",\"@id\":\"https:\/\/laurorecreative.fr\/index.php\/product\/affiche-moulins-noel\/#breadcrumb\",\"itemListElement\":[{\"@type\":\"ListItem\",\"position\":1,\"name\":\"Accueil\",\"item\":\"https:\/\/laurorecreative.fr\/\"},{\"@type\":\"ListItem\",\"position\":2,\"name\":\"Affiches &amp; illustration\",\"item\":\"https:\/\/laurorecreative.fr\/index.php\/affiches-illustration\/\"},{\"@type\":\"ListItem\",\"position\":3,\"name\":\"Celui qui fait No\u00ebl \u00e0 MOULINS\"}]},{\"@type\":\"WebSite\",\"@id\":\"https:\/\/laurorecreative.fr\/#website\",\"url\":\"https:\/\/laurorecreative.fr\/\",\"name\":\"laurorecreative.fr\",\"description\":\"\",\"publisher\":{\"@id\":\"https:\/\/laurorecreative.fr\/#organization\"},\"potentialAction\":[{\"@type\":\"SearchAction\",\"target\":{\"@type\":\"EntryPoint\",\"urlTemplate\":\"https:\/\/laurorecreative.fr\/?s={search_term_string}\"},\"query-input\":{\"@type\":\"PropertyValueSpecification\",\"valueRequired\":true,\"valueName\":\"search_term_string\"}}],\"inLanguage\":\"fr-FR\"},{\"@type\":\"Organization\",\"@id\":\"https:\/\/laurorecreative.fr\/#organization\",\"name\":\"laurorecreative.fr\",\"url\":\"https:\/\/laurorecreative.fr\/\",\"logo\":{\"@type\":\"ImageObject\",\"inLanguage\":\"fr-FR\",\"@id\":\"https:\/\/laurorecreative.fr\/#\/schema\/logo\/image\/\",\"url\":\"https:\/\/laurorecreative.fr\/wp-content\/uploads\/2024\/06\/Aurore-Creative_Logo-copie.png\",\"contentUrl\":\"https:\/\/laurorecreative.fr\/wp-content\/uploads\/2024\/06\/Aurore-Creative_Logo-copie.png\",\"width\":300,\"height\":92,\"caption\":\"laurorecreative.fr\"},\"image\":{\"@id\":\"https:\/\/laurorecreative.fr\/#\/schema\/logo\/image\/\"}}]}<\/script>\n<!-- \/ Yoast SEO plugin. -->","yoast_head_json":{"title":"Affiche MOULINS No\u00ebl - laurorecreative.fr","description":"D\u00e9couvrez notre affiche Moulins No\u00ebl aux couleurs festives, parfaite pour ajouter une touche magique locale \u00e0 votre d\u00e9co pendant les f\u00eates.","robots":{"index":"index","follow":"follow","max-snippet":"max-snippet:-1","max-image-preview":"max-image-preview:large","max-video-preview":"max-video-preview:-1"},"canonical":"https:\/\/laurorecreative.fr\/index.php\/product\/affiche-moulins-noel\/","og_locale":"fr_FR","og_type":"article","og_title":"Affiche MOULINS No\u00ebl - laurorecreative.fr","og_description":"D\u00e9couvrez notre affiche Moulins No\u00ebl aux couleurs festives, parfaite pour ajouter une touche magique locale \u00e0 votre d\u00e9co pendant les f\u00eates.","og_url":"https:\/\/laurorecreative.fr\/index.php\/product\/affiche-moulins-noel\/","og_site_name":"laurorecreative.fr","article_modified_time":"2025-12-04T14:43:06+00:00","og_image":[{"width":2560,"height":1920,"url":"http:\/\/laurorecreative.fr\/wp-content\/uploads\/2024\/12\/Affiche-Moulins-Autrement_Noel-scaled.jpg","type":"image\/jpeg"}],"twitter_card":"summary_large_image","twitter_misc":{"Dur\u00e9e de lecture estim\u00e9e":"2 minutes"},"schema":{"@context":"https:\/\/schema.org","@graph":[{"@type":"WebPage","@id":"https:\/\/laurorecreative.fr\/index.php\/product\/affiche-moulins-noel\/","url":"https:\/\/laurorecreative.fr\/index.php\/product\/affiche-moulins-noel\/","name":"Affiche MOULINS No\u00ebl - laurorecreative.fr","isPartOf":{"@id":"https:\/\/laurorecreative.fr\/#website"},"primaryImageOfPage":{"@id":"https:\/\/laurorecreative.fr\/index.php\/product\/affiche-moulins-noel\/#primaryimage"},"image":{"@id":"https:\/\/laurorecreative.fr\/index.php\/product\/affiche-moulins-noel\/#primaryimage"},"thumbnailUrl":"https:\/\/laurorecreative.fr\/wp-content\/uploads\/2024\/12\/Affiche-Moulins-Autrement_Noel-scaled.jpg","datePublished":"2024-12-10T10:12:21+00:00","dateModified":"2025-12-04T14:43:06+00:00","description":"D\u00e9couvrez notre affiche Moulins No\u00ebl aux couleurs festives, parfaite pour ajouter une touche magique locale \u00e0 votre d\u00e9co pendant les f\u00eates.","breadcrumb":{"@id":"https:\/\/laurorecreative.fr\/index.php\/product\/affiche-moulins-noel\/#breadcrumb"},"inLanguage":"fr-FR","potentialAction":[{"@type":"ReadAction","target":["https:\/\/laurorecreative.fr\/index.php\/product\/affiche-moulins-noel\/"]}]},{"@type":"ImageObject","inLanguage":"fr-FR","@id":"https:\/\/laurorecreative.fr\/index.php\/product\/affiche-moulins-noel\/#primaryimage","url":"https:\/\/laurorecreative.fr\/wp-content\/uploads\/2024\/12\/Affiche-Moulins-Autrement_Noel-scaled.jpg","contentUrl":"https:\/\/laurorecreative.fr\/wp-content\/uploads\/2024\/12\/Affiche-Moulins-Autrement_Noel-scaled.jpg","width":2560,"height":1920},{"@type":"BreadcrumbList","@id":"https:\/\/laurorecreative.fr\/index.php\/product\/affiche-moulins-noel\/#breadcrumb","itemListElement":[{"@type":"ListItem","position":1,"name":"Accueil","item":"https:\/\/laurorecreative.fr\/"},{"@type":"ListItem","position":2,"name":"Affiches &amp; illustration","item":"https:\/\/laurorecreative.fr\/index.php\/affiches-illustration\/"},{"@type":"ListItem","position":3,"name":"Celui qui fait No\u00ebl \u00e0 MOULINS"}]},{"@type":"WebSite","@id":"https:\/\/laurorecreative.fr\/#website","url":"https:\/\/laurorecreative.fr\/","name":"laurorecreative.fr","description":"","publisher":{"@id":"https:\/\/laurorecreative.fr\/#organization"},"potentialAction":[{"@type":"SearchAction","target":{"@type":"EntryPoint","urlTemplate":"https:\/\/laurorecreative.fr\/?s={search_term_string}"},"query-input":{"@type":"PropertyValueSpecification","valueRequired":true,"valueName":"search_term_string"}}],"inLanguage":"fr-FR"},{"@type":"Organization","@id":"https:\/\/laurorecreative.fr\/#organization","name":"laurorecreative.fr","url":"https:\/\/laurorecreative.fr\/","logo":{"@type":"ImageObject","inLanguage":"fr-FR","@id":"https:\/\/laurorecreative.fr\/#\/schema\/logo\/image\/","url":"https:\/\/laurorecreative.fr\/wp-content\/uploads\/2024\/06\/Aurore-Creative_Logo-copie.png","contentUrl":"https:\/\/laurorecreative.fr\/wp-content\/uploads\/2024\/06\/Aurore-Creative_Logo-copie.png","width":300,"height":92,"caption":"laurorecreative.fr"},"image":{"@id":"https:\/\/laurorecreative.fr\/#\/schema\/logo\/image\/"}}]}},"_links":{"self":[{"href":"https:\/\/laurorecreative.fr\/index.php\/wp-json\/wp\/v2\/product\/1244","targetHints":{"allow":["GET"]}}],"collection":[{"href":"https:\/\/laurorecreative.fr\/index.php\/wp-json\/wp\/v2\/product"}],"about":[{"href":"https:\/\/laurorecreative.fr\/index.php\/wp-json\/wp\/v2\/types\/product"}],"version-history":[{"count":1,"href":"https:\/\/laurorecreative.fr\/index.php\/wp-json\/wp\/v2\/product\/1244\/revisions"}],"predecessor-version":[{"id":1246,"href":"https:\/\/laurorecreative.fr\/index.php\/wp-json\/wp\/v2\/product\/1244\/revisions\/1246"}],"wp:featuredmedia":[{"embeddable":true,"href":"https:\/\/laurorecreative.fr\/index.php\/wp-json\/wp\/v2\/media\/1245"}],"wp:attachment":[{"href":"https:\/\/laurorecreative.fr\/index.php\/wp-json\/wp\/v2\/media?parent=1244"}],"wp:term":[{"taxonomy":"product_brand","embeddable":true,"href":"https:\/\/laurorecreative.fr\/index.php\/wp-json\/wp\/v2\/product_brand?post=1244"},{"taxonomy":"product_cat","embeddable":true,"href":"https:\/\/laurorecreative.fr\/index.php\/wp-json\/wp\/v2\/product_cat?post=1244"},{"taxonomy":"product_tag","embeddable":true,"href":"https:\/\/laurorecreative.fr\/index.php\/wp-json\/wp\/v2\/product_tag?post=1244"}],"curies":[{"name":"wp","href":"https:\/\/api.w.org\/{rel}","templated":true}]}}